{"id":1448,"date":"2025-06-09T17:56:27","date_gmt":"2025-06-09T15:56:27","guid":{"rendered":"http:\/\/urasenke-austria.at\/?page_id=1448"},"modified":"2025-12-26T17:50:36","modified_gmt":"2025-12-26T16:50:36","slug":"2025-3","status":"publish","type":"page","link":"http:\/\/urasenke-austria.at\/?page_id=1448","title":{"rendered":"2025"},"content":{"rendered":"\t\t<div data-elementor-type=\"wp-page\" data-elementor-id=\"1448\" class=\"elementor elementor-1448\">\n\t\t\t\t<div class=\"elementor-element elementor-element-9642d78 e-flex e-con-boxed e-con e-parent\" data-id=\"9642d78\" data-element_type=\"container\" data-e-type=\"container\">\n\t\t\t\t\t<div class=\"e-con-inner\">\n\t\t\t\t<div class=\"elementor-element elementor-element-c77a69e elementor-widget elementor-widget-heading\" data-id=\"c77a69e\" data-element_type=\"widget\" data-e-type=\"widget\" data-widget_type=\"heading.default\">\n\t\t\t\t<div class=\"elementor-widget-container\">\n\t\t\t\t\t<h3 class=\"elementor-heading-title elementor-size-default\">M\u00e4rz (4.):   Chad\u014d Vorf\u00fchrung im Kahan Art Space mit \u014chi Toshio Ch\u014dzaemon XI.<\/h3>\t\t\t\t<\/div>\n\t\t\t\t<\/div>\n\t\t<div class=\"elementor-element elementor-element-239436f e-con-full e-flex e-con e-child\" data-id=\"239436f\" data-element_type=\"container\" data-e-type=\"container\">\n\t\t\t\t<\/div>\n\t\t\t\t\t<\/div>\n\t\t\t\t<\/div>\n\t\t\t\t<section class=\"elementor-section elementor-top-section elementor-element elementor-element-3995a2ae elementor-section-boxed elementor-section-height-default elementor-section-height-default\" data-id=\"3995a2ae\" data-element_type=\"section\" data-e-type=\"section\">\n\t\t\t\t\t\t<div class=\"elementor-container elementor-column-gap-default\">\n\t\t\t\t\t<div class=\"elementor-column elementor-col-100 elementor-top-column elementor-element elementor-element-44af4189\" data-id=\"44af4189\" data-element_type=\"column\" data-e-type=\"column\">\n\t\t\t<div class=\"elementor-widget-wrap elementor-element-populated\">\n\t\t\t\t\t\t<div class=\"elementor-element elementor-element-6c6e7af elementor-widget elementor-widget-heading\" data-id=\"6c6e7af\" data-element_type=\"widget\" data-e-type=\"widget\" data-widget_type=\"heading.default\">\n\t\t\t\t<div class=\"elementor-widget-container\">\n\t\t\t\t\t<h3 class=\"elementor-heading-title elementor-size-default\">M\u00e4rz (5.):\u00a0Chad\u014d Vorf\u00fchrung im Augarten Porzellannuseum <\/h3>\t\t\t\t<\/div>\n\t\t\t\t<\/div>\n\t\t\t\t<div class=\"elementor-element elementor-element-8e92d9c elementor-widget elementor-widget-text-editor\" data-id=\"8e92d9c\" data-element_type=\"widget\" data-e-type=\"widget\" data-widget_type=\"text-editor.default\">\n\t\t\t\t<div class=\"elementor-widget-container\">\n\t\t\t\t\t\t\t\t\t<p><span style=\"color: #000000;\">Feierlichen Abschied der Ausstellung &#8222;Aus Erde und Seele&#8220;\u00a0 von \u014chi Toshio Ch\u014dzaemon XI.<\/span><\/p>\t\t\t\t\t\t\t\t<\/div>\n\t\t\t\t<\/div>\n\t\t\t\t<div class=\"elementor-element elementor-element-7e26552d elementor-widget elementor-widget-image\" data-id=\"7e26552d\" data-element_type=\"widget\" data-e-type=\"widget\" data-widget_type=\"image.default\">\n\t\t\t\t<div class=\"elementor-widget-container\">\n\t\t\t\t\t\t\t\t\t\t\t\t\t\t\t<img fetchpriority=\"high\" decoding=\"async\" width=\"740\" height=\"925\" src=\"http:\/\/urasenke-austria.at\/wp-content\/uploads\/2025\/06\/Augarten-Ohi-ochakai-1-819x1024.png\" class=\"attachment-large size-large wp-image-1449\" alt=\"\" srcset=\"http:\/\/urasenke-austria.at\/wp-content\/uploads\/2025\/06\/Augarten-Ohi-ochakai-1-819x1024.png 819w, http:\/\/urasenke-austria.at\/wp-content\/uploads\/2025\/06\/Augarten-Ohi-ochakai-1-240x300.png 240w, http:\/\/urasenke-austria.at\/wp-content\/uploads\/2025\/06\/Augarten-Ohi-ochakai-1-768x960.png 768w, http:\/\/urasenke-austria.at\/wp-content\/uploads\/2025\/06\/Augarten-Ohi-ochakai-1.png 1080w\" sizes=\"100vw\" \/>\t\t\t\t\t\t\t\t\t\t\t\t\t\t\t<\/div>\n\t\t\t\t<\/div>\n\t\t\t\t<div class=\"elementor-element elementor-element-580ce6b elementor-widget elementor-widget-spacer\" data-id=\"580ce6b\" data-element_type=\"widget\" data-e-type=\"widget\" data-widget_type=\"spacer.default\">\n\t\t\t\t<div class=\"elementor-widget-container\">\n\t\t\t\t\t\t\t<div class=\"elementor-spacer\">\n\t\t\t<div class=\"elementor-spacer-inner\"><\/div>\n\t\t<\/div>\n\t\t\t\t\t\t<\/div>\n\t\t\t\t<\/div>\n\t\t\t\t\t<\/div>\n\t\t<\/div>\n\t\t\t\t\t<\/div>\n\t\t<\/section>\n\t\t\t\t<section class=\"elementor-section elementor-top-section elementor-element elementor-element-310c00a elementor-section-boxed elementor-section-height-default elementor-section-height-default\" data-id=\"310c00a\" data-element_type=\"section\" data-e-type=\"section\">\n\t\t\t\t\t\t<div class=\"elementor-container elementor-column-gap-default\">\n\t\t\t\t\t<div class=\"elementor-column elementor-col-100 elementor-top-column elementor-element elementor-element-100e2c3e\" data-id=\"100e2c3e\" data-element_type=\"column\" data-e-type=\"column\">\n\t\t\t<div class=\"elementor-widget-wrap elementor-element-populated\">\n\t\t\t\t\t\t<div class=\"elementor-element elementor-element-5b6c01d elementor-widget elementor-widget-heading\" data-id=\"5b6c01d\" data-element_type=\"widget\" data-e-type=\"widget\" data-widget_type=\"heading.default\">\n\t\t\t\t<div class=\"elementor-widget-container\">\n\t\t\t\t\t<h3 class=\"elementor-heading-title elementor-size-default\">April (24.):   KIRSCHENHAIN-Fest Wien\/Dounauinsel Chad\u014d Vorf\u00fchrung&nbsp;  <\/h3>\t\t\t\t<\/div>\n\t\t\t\t<\/div>\n\t\t\t\t<div class=\"elementor-element elementor-element-72ce54e1 elementor-widget elementor-widget-text-editor\" data-id=\"72ce54e1\" data-element_type=\"widget\" data-e-type=\"widget\" data-widget_type=\"text-editor.default\">\n\t\t\t\t<div class=\"elementor-widget-container\">\n\t\t\t\t\t\t\t\t\t<p><span style=\"color: #000000;\">Wir durften S. E. Herrn Botschafter Iwama Kiminori und seine Frau, Madame Iwama, sowie den Bezirksvorsteher des 21. Bezirks, Herrn Papai Georg, als Ehreng\u00e4ste begr\u00fc\u00dfen und sie mit einer Schale Matcha bewirten.<\/span><\/p>\t\t\t\t\t\t\t\t<\/div>\n\t\t\t\t<\/div>\n\t\t\t\t<div class=\"elementor-element elementor-element-620b3504 elementor-widget elementor-widget-image\" data-id=\"620b3504\" data-element_type=\"widget\" data-e-type=\"widget\" data-widget_type=\"image.default\">\n\t\t\t\t<div class=\"elementor-widget-container\">\n\t\t\t\t\t\t\t\t\t\t\t\t\t\t\t<img decoding=\"async\" width=\"740\" height=\"925\" src=\"http:\/\/urasenke-austria.at\/wp-content\/uploads\/2025\/06\/Design-ohne-Titel-819x1024.png\" class=\"attachment-large size-large wp-image-1450\" alt=\"\" srcset=\"http:\/\/urasenke-austria.at\/wp-content\/uploads\/2025\/06\/Design-ohne-Titel-819x1024.png 819w, http:\/\/urasenke-austria.at\/wp-content\/uploads\/2025\/06\/Design-ohne-Titel-240x300.png 240w, http:\/\/urasenke-austria.at\/wp-content\/uploads\/2025\/06\/Design-ohne-Titel-768x960.png 768w, http:\/\/urasenke-austria.at\/wp-content\/uploads\/2025\/06\/Design-ohne-Titel.png 1080w\" sizes=\"100vw\" \/>\t\t\t\t\t\t\t\t\t\t\t\t\t\t\t<\/div>\n\t\t\t\t<\/div>\n\t\t<div class=\"elementor-element elementor-element-46ef85d e-flex e-con-boxed e-con e-parent\" data-id=\"46ef85d\" data-element_type=\"container\" data-e-type=\"container\">\n\t\t\t\t\t<div class=\"e-con-inner\">\n\t\t\t\t\t<\/div>\n\t\t\t\t<\/div>\n\t\t\t\t\t<\/div>\n\t\t<\/div>\n\t\t\t\t\t<\/div>\n\t\t<\/section>\n\t\t<div class=\"elementor-element elementor-element-b674adc e-flex e-con-boxed e-con e-parent\" data-id=\"b674adc\" data-element_type=\"container\" data-e-type=\"container\">\n\t\t\t\t\t<div class=\"e-con-inner\">\n\t\t\t\t<div class=\"elementor-element elementor-element-c1cbfb7 elementor-widget elementor-widget-heading\" data-id=\"c1cbfb7\" data-element_type=\"widget\" data-e-type=\"widget\" data-widget_type=\"heading.default\">\n\t\t\t\t<div class=\"elementor-widget-container\">\n\t\t\t\t\t<h3 class=\"elementor-heading-title elementor-size-default\">Mai (25.):   Chad\u014d &amp; Bud\u014d Vorf\u00fchrung im Setagaya Park<\/h3>\t\t\t\t<\/div>\n\t\t\t\t<\/div>\n\t\t\t\t<div class=\"elementor-element elementor-element-a550900 elementor-widget elementor-widget-image\" data-id=\"a550900\" data-element_type=\"widget\" data-e-type=\"widget\" data-widget_type=\"image.default\">\n\t\t\t\t<div class=\"elementor-widget-container\">\n\t\t\t\t\t\t\t\t\t\t\t\t\t\t\t<img decoding=\"async\" width=\"740\" height=\"932\" src=\"http:\/\/urasenke-austria.at\/wp-content\/uploads\/2025\/09\/Setagaya-2025-Fruhjahr-813x1024.jpg\" class=\"attachment-large size-large wp-image-1784\" alt=\"\" srcset=\"http:\/\/urasenke-austria.at\/wp-content\/uploads\/2025\/09\/Setagaya-2025-Fruhjahr-813x1024.jpg 813w, http:\/\/urasenke-austria.at\/wp-content\/uploads\/2025\/09\/Setagaya-2025-Fruhjahr-238x300.jpg 238w, http:\/\/urasenke-austria.at\/wp-content\/uploads\/2025\/09\/Setagaya-2025-Fruhjahr-768x967.jpg 768w, http:\/\/urasenke-austria.at\/wp-content\/uploads\/2025\/09\/Setagaya-2025-Fruhjahr.jpg 1076w\" sizes=\"100vw\" \/>\t\t\t\t\t\t\t\t\t\t\t\t\t\t\t<\/div>\n\t\t\t\t<\/div>\n\t\t\t\t<div class=\"elementor-element elementor-element-cc2b5df elementor-widget elementor-widget-spacer\" data-id=\"cc2b5df\" data-element_type=\"widget\" data-e-type=\"widget\" data-widget_type=\"spacer.default\">\n\t\t\t\t<div class=\"elementor-widget-container\">\n\t\t\t\t\t\t\t<div class=\"elementor-spacer\">\n\t\t\t<div class=\"elementor-spacer-inner\"><\/div>\n\t\t<\/div>\n\t\t\t\t\t\t<\/div>\n\t\t\t\t<\/div>\n\t\t\t\t\t<\/div>\n\t\t\t\t<\/div>\n\t\t<div class=\"elementor-element elementor-element-840cebc e-flex e-con-boxed e-con e-parent\" data-id=\"840cebc\" data-element_type=\"container\" data-e-type=\"container\">\n\t\t\t\t\t<div class=\"e-con-inner\">\n\t\t\t\t<div class=\"elementor-element elementor-element-ece3fdc elementor-widget elementor-widget-heading\" data-id=\"ece3fdc\" data-element_type=\"widget\" data-e-type=\"widget\" data-widget_type=\"heading.default\">\n\t\t\t\t<div class=\"elementor-widget-container\">\n\t\t\t\t\t<h3 class=\"elementor-heading-title elementor-size-default\">Juni:   Verleihung Mitgliedsurkunde an S.E. Botschafter Iwama deine \u00dcberschrift ein<\/h3>\t\t\t\t<\/div>\n\t\t\t\t<\/div>\n\t\t\t\t<div class=\"elementor-element elementor-element-a1f7425 elementor-widget elementor-widget-text-editor\" data-id=\"a1f7425\" data-element_type=\"widget\" data-e-type=\"widget\" data-widget_type=\"text-editor.default\">\n\t\t\t\t<div class=\"elementor-widget-container\">\n\t\t\t\t\t\t\t\t\t<p><span style=\"color: #000000;\">Der Urasenke-Teemeister Takamatsu S\u014driki Tsutomu \u00fcberreichte S. E. Herrn Botschafter Iwama Kiminori die Urkunde \u00fcber die Ernennung zum Ehrenmitglied (Honorary Advisor).<\/span><br \/><span style=\"color: #000000;\">Ausgestellt wurde diese Urkunde von Iemoto SEN Soshitsu XVI.<\/span><\/p>\t\t\t\t\t\t\t\t<\/div>\n\t\t\t\t<\/div>\n\t\t\t\t<div class=\"elementor-element elementor-element-fb17001 elementor-widget elementor-widget-image\" data-id=\"fb17001\" data-element_type=\"widget\" data-e-type=\"widget\" data-widget_type=\"image.default\">\n\t\t\t\t<div class=\"elementor-widget-container\">\n\t\t\t\t\t\t\t\t\t\t\t\t\t\t\t<img loading=\"lazy\" decoding=\"async\" width=\"740\" height=\"987\" src=\"http:\/\/urasenke-austria.at\/wp-content\/uploads\/2025\/06\/1749646239908.jpg\" class=\"attachment-large size-large wp-image-1675\" alt=\"Verleihung der Mitgliedsurkunde an Botschafter Iwama\" srcset=\"http:\/\/urasenke-austria.at\/wp-content\/uploads\/2025\/06\/1749646239908.jpg 768w, http:\/\/urasenke-austria.at\/wp-content\/uploads\/2025\/06\/1749646239908-225x300.jpg 225w\" sizes=\"100vw\" \/>\t\t\t\t\t\t\t\t\t\t\t\t\t\t\t<\/div>\n\t\t\t\t<\/div>\n\t\t\t\t<div class=\"elementor-element elementor-element-4ce19f7 elementor-widget elementor-widget-spacer\" data-id=\"4ce19f7\" data-element_type=\"widget\" data-e-type=\"widget\" data-widget_type=\"spacer.default\">\n\t\t\t\t<div class=\"elementor-widget-container\">\n\t\t\t\t\t\t\t<div class=\"elementor-spacer\">\n\t\t\t<div class=\"elementor-spacer-inner\"><\/div>\n\t\t<\/div>\n\t\t\t\t\t\t<\/div>\n\t\t\t\t<\/div>\n\t\t\t\t\t<\/div>\n\t\t\t\t<\/div>\n\t\t<div class=\"elementor-element elementor-element-2e5a345 e-flex e-con-boxed e-con e-parent\" data-id=\"2e5a345\" data-element_type=\"container\" data-e-type=\"container\">\n\t\t\t\t\t<div class=\"e-con-inner\">\n\t\t\t\t<div class=\"elementor-element elementor-element-6907489 elementor-widget elementor-widget-heading\" data-id=\"6907489\" data-element_type=\"widget\" data-e-type=\"widget\" data-widget_type=\"heading.default\">\n\t\t\t\t<div class=\"elementor-widget-container\">\n\t\t\t\t\t<h3 class=\"elementor-heading-title elementor-size-default\">Juli (11.):   Chad\u014d-Vorf\u00fchrung im Botanischen Garten, Linzrschrift ein <\/h3>\t\t\t\t<\/div>\n\t\t\t\t<\/div>\n\t\t\t\t<div class=\"elementor-element elementor-element-bac37c8 elementor-widget elementor-widget-image\" data-id=\"bac37c8\" data-element_type=\"widget\" data-e-type=\"widget\" data-widget_type=\"image.default\">\n\t\t\t\t<div class=\"elementor-widget-container\">\n\t\t\t\t\t\t\t\t\t\t\t\t\t\t\t<img loading=\"lazy\" decoding=\"async\" width=\"740\" height=\"925\" src=\"http:\/\/urasenke-austria.at\/wp-content\/uploads\/2025\/07\/2025-Botanischer-Garten-Linz-819x1024.jpg\" class=\"attachment-large size-large wp-image-1723\" alt=\"\" srcset=\"http:\/\/urasenke-austria.at\/wp-content\/uploads\/2025\/07\/2025-Botanischer-Garten-Linz-819x1024.jpg 819w, http:\/\/urasenke-austria.at\/wp-content\/uploads\/2025\/07\/2025-Botanischer-Garten-Linz-240x300.jpg 240w, http:\/\/urasenke-austria.at\/wp-content\/uploads\/2025\/07\/2025-Botanischer-Garten-Linz-768x960.jpg 768w, http:\/\/urasenke-austria.at\/wp-content\/uploads\/2025\/07\/2025-Botanischer-Garten-Linz.jpg 1144w\" sizes=\"100vw\" \/>\t\t\t\t\t\t\t\t\t\t\t\t\t\t\t<\/div>\n\t\t\t\t<\/div>\n\t\t\t\t<div class=\"elementor-element elementor-element-30bb347 elementor-widget elementor-widget-spacer\" data-id=\"30bb347\" data-element_type=\"widget\" data-e-type=\"widget\" data-widget_type=\"spacer.default\">\n\t\t\t\t<div class=\"elementor-widget-container\">\n\t\t\t\t\t\t\t<div class=\"elementor-spacer\">\n\t\t\t<div class=\"elementor-spacer-inner\"><\/div>\n\t\t<\/div>\n\t\t\t\t\t\t<\/div>\n\t\t\t\t<\/div>\n\t\t\t\t\t<\/div>\n\t\t\t\t<\/div>\n\t\t<div class=\"elementor-element elementor-element-3eb63a0 e-flex e-con-boxed e-con e-parent\" data-id=\"3eb63a0\" data-element_type=\"container\" data-e-type=\"container\">\n\t\t\t\t\t<div class=\"e-con-inner\">\n\t\t\t\t<div class=\"elementor-element elementor-element-59dc525 elementor-widget elementor-widget-heading\" data-id=\"59dc525\" data-element_type=\"widget\" data-e-type=\"widget\" data-widget_type=\"heading.default\">\n\t\t\t\t<div class=\"elementor-widget-container\">\n\t\t\t\t\t<h3 class=\"elementor-heading-title elementor-size-default\">September (21.):   Chad\u014d-Vorf\u00fchrung im Setagaya-Park, 1190 Wien<\/h3>\t\t\t\t<\/div>\n\t\t\t\t<\/div>\n\t\t\t\t<div class=\"elementor-element elementor-element-40e8b0d elementor-widget elementor-widget-text-editor\" data-id=\"40e8b0d\" data-element_type=\"widget\" data-e-type=\"widget\" data-widget_type=\"text-editor.default\">\n\t\t\t\t<div class=\"elementor-widget-container\">\n\t\t\t\t\t\t\t\t\t<p><span style=\"color: #000000;\">Wir hatten die Ehre, S. E. Herrn Botschafter Iwama als Ehrengast bei unserer Teezeremonie begr\u00fc\u00dfen zu d\u00fcrfen.<\/span><\/p>\t\t\t\t\t\t\t\t<\/div>\n\t\t\t\t<\/div>\n\t\t\t\t<div class=\"elementor-element elementor-element-c1da48f elementor-widget elementor-widget-image\" data-id=\"c1da48f\" data-element_type=\"widget\" data-e-type=\"widget\" data-widget_type=\"image.default\">\n\t\t\t\t<div class=\"elementor-widget-container\">\n\t\t\t\t\t\t\t\t\t\t\t\t\t\t\t<img loading=\"lazy\" decoding=\"async\" width=\"740\" height=\"925\" src=\"http:\/\/urasenke-austria.at\/wp-content\/uploads\/2025\/09\/Setagaya-2025-819x1024.jpg\" class=\"attachment-large size-large wp-image-1761\" alt=\"\" srcset=\"http:\/\/urasenke-austria.at\/wp-content\/uploads\/2025\/09\/Setagaya-2025-819x1024.jpg 819w, http:\/\/urasenke-austria.at\/wp-content\/uploads\/2025\/09\/Setagaya-2025-240x300.jpg 240w, http:\/\/urasenke-austria.at\/wp-content\/uploads\/2025\/09\/Setagaya-2025-768x960.jpg 768w, http:\/\/urasenke-austria.at\/wp-content\/uploads\/2025\/09\/Setagaya-2025.jpg 1144w\" sizes=\"100vw\" \/>\t\t\t\t\t\t\t\t\t\t\t\t\t\t\t<\/div>\n\t\t\t\t<\/div>\n\t\t\t\t<div class=\"elementor-element elementor-element-4932822 elementor-widget elementor-widget-spacer\" data-id=\"4932822\" data-element_type=\"widget\" data-e-type=\"widget\" data-widget_type=\"spacer.default\">\n\t\t\t\t<div class=\"elementor-widget-container\">\n\t\t\t\t\t\t\t<div class=\"elementor-spacer\">\n\t\t\t<div class=\"elementor-spacer-inner\"><\/div>\n\t\t<\/div>\n\t\t\t\t\t\t<\/div>\n\t\t\t\t<\/div>\n\t\t\t\t\t<\/div>\n\t\t\t\t<\/div>\n\t\t<div class=\"elementor-element elementor-element-184dfa0 e-flex e-con-boxed e-con e-parent\" data-id=\"184dfa0\" data-element_type=\"container\" data-e-type=\"container\">\n\t\t\t\t\t<div class=\"e-con-inner\">\n\t\t\t\t<div class=\"elementor-element elementor-element-856e6da elementor-widget elementor-widget-heading\" data-id=\"856e6da\" data-element_type=\"widget\" data-e-type=\"widget\" data-widget_type=\"heading.default\">\n\t\t\t\t<div class=\"elementor-widget-container\">\n\t\t\t\t\t<h3 class=\"elementor-heading-title elementor-size-default\">Oktober (31.)  Chad\u014d-Vorf\u00fchrung im Japanischen Kultur u. Informationszentrum, Wien 1010<\/h3>\t\t\t\t<\/div>\n\t\t\t\t<\/div>\n\t\t\t\t<div class=\"elementor-element elementor-element-1c04a35 elementor-widget__width-initial elementor-widget elementor-widget-image\" data-id=\"1c04a35\" data-element_type=\"widget\" data-e-type=\"widget\" data-widget_type=\"image.default\">\n\t\t\t\t<div class=\"elementor-widget-container\">\n\t\t\t\t\t\t\t\t\t\t\t\t\t\t\t<img loading=\"lazy\" decoding=\"async\" width=\"740\" height=\"536\" src=\"http:\/\/urasenke-austria.at\/wp-content\/uploads\/2025\/11\/Kissako-Collage-2025-1024x742.gif\" class=\"attachment-large size-large wp-image-1831\" alt=\"\" srcset=\"http:\/\/urasenke-austria.at\/wp-content\/uploads\/2025\/11\/Kissako-Collage-2025-1024x742.gif 1024w, http:\/\/urasenke-austria.at\/wp-content\/uploads\/2025\/11\/Kissako-Collage-2025-300x217.gif 300w, http:\/\/urasenke-austria.at\/wp-content\/uploads\/2025\/11\/Kissako-Collage-2025-768x556.gif 768w, http:\/\/urasenke-austria.at\/wp-content\/uploads\/2025\/11\/Kissako-Collage-2025-1536x1113.gif 1536w, http:\/\/urasenke-austria.at\/wp-content\/uploads\/2025\/11\/Kissako-Collage-2025-2048x1484.gif 2048w\" sizes=\"100vw\" \/>\t\t\t\t\t\t\t\t\t\t\t\t\t\t\t<\/div>\n\t\t\t\t<\/div>\n\t\t\t\t<div class=\"elementor-element elementor-element-8311d84 elementor-widget elementor-widget-spacer\" data-id=\"8311d84\" data-element_type=\"widget\" data-e-type=\"widget\" data-widget_type=\"spacer.default\">\n\t\t\t\t<div class=\"elementor-widget-container\">\n\t\t\t\t\t\t\t<div class=\"elementor-spacer\">\n\t\t\t<div class=\"elementor-spacer-inner\"><\/div>\n\t\t<\/div>\n\t\t\t\t\t\t<\/div>\n\t\t\t\t<\/div>\n\t\t\t\t\t<\/div>\n\t\t\t\t<\/div>\n\t\t<div class=\"elementor-element elementor-element-e01ab50 e-con-full e-flex e-con e-parent\" data-id=\"e01ab50\" data-element_type=\"container\" data-e-type=\"container\">\n\t\t\t\t<div class=\"elementor-element elementor-element-2861ba1 elementor-widget elementor-widget-heading\" data-id=\"2861ba1\" data-element_type=\"widget\" data-e-type=\"widget\" data-widget_type=\"heading.default\">\n\t\t\t\t<div class=\"elementor-widget-container\">\n\t\t\t\t\t<h3 class=\"elementor-heading-title elementor-size-default\">November (14.): Japan Ball 2024<br>Palais Nieder\u00f6sterreich - Vienna<\/h3>\t\t\t\t<\/div>\n\t\t\t\t<\/div>\n\t\t\t\t<div class=\"elementor-element elementor-element-7ef5a0c elementor-widget__width-initial elementor-widget elementor-widget-image\" data-id=\"7ef5a0c\" data-element_type=\"widget\" data-e-type=\"widget\" data-widget_type=\"image.default\">\n\t\t\t\t<div class=\"elementor-widget-container\">\n\t\t\t\t\t\t\t\t\t\t\t\t\t\t\t<img loading=\"lazy\" decoding=\"async\" width=\"740\" height=\"925\" src=\"http:\/\/urasenke-austria.at\/wp-content\/uploads\/2025\/11\/Foto-Collage-Japan-Ball-2025-819x1024.jpg\" class=\"attachment-large size-large wp-image-1839\" alt=\"\" srcset=\"http:\/\/urasenke-austria.at\/wp-content\/uploads\/2025\/11\/Foto-Collage-Japan-Ball-2025-819x1024.jpg 819w, http:\/\/urasenke-austria.at\/wp-content\/uploads\/2025\/11\/Foto-Collage-Japan-Ball-2025-240x300.jpg 240w, http:\/\/urasenke-austria.at\/wp-content\/uploads\/2025\/11\/Foto-Collage-Japan-Ball-2025-768x960.jpg 768w, http:\/\/urasenke-austria.at\/wp-content\/uploads\/2025\/11\/Foto-Collage-Japan-Ball-2025.jpg 1080w\" sizes=\"100vw\" \/>\t\t\t\t\t\t\t\t\t\t\t\t\t\t\t<\/div>\n\t\t\t\t<\/div>\n\t\t\t\t<div class=\"elementor-element elementor-element-a1bf97b elementor-widget elementor-widget-spacer\" data-id=\"a1bf97b\" data-element_type=\"widget\" data-e-type=\"widget\" data-widget_type=\"spacer.default\">\n\t\t\t\t<div class=\"elementor-widget-container\">\n\t\t\t\t\t\t\t<div class=\"elementor-spacer\">\n\t\t\t<div class=\"elementor-spacer-inner\"><\/div>\n\t\t<\/div>\n\t\t\t\t\t\t<\/div>\n\t\t\t\t<\/div>\n\t\t\t\t<\/div>\n\t\t<div class=\"elementor-element elementor-element-16cce06 e-flex e-con-boxed e-con e-parent\" data-id=\"16cce06\" data-element_type=\"container\" data-e-type=\"container\">\n\t\t\t\t\t<div class=\"e-con-inner\">\n\t\t\t\t<div class=\"elementor-element elementor-element-0cd4cf2 elementor-widget elementor-widget-heading\" data-id=\"0cd4cf2\" data-element_type=\"widget\" data-e-type=\"widget\" data-widget_type=\"heading.default\">\n\t\t\t\t<div class=\"elementor-widget-container\">\n\t\t\t\t\t<h3 class=\"elementor-heading-title elementor-size-default\">Dezember (13. + 14.):  Kagetsu-Seminar Wien<\/h3>\t\t\t\t<\/div>\n\t\t\t\t<\/div>\n\t\t\t\t<div class=\"elementor-element elementor-element-a0a009a elementor-widget elementor-widget-text-editor\" data-id=\"a0a009a\" data-element_type=\"widget\" data-e-type=\"widget\" data-widget_type=\"text-editor.default\">\n\t\t\t\t<div class=\"elementor-widget-container\">\n\t\t\t\t\t\t\t\t\t<p>Unter der Leitung von Teemeister <strong>Takamatsu Souriki Tsutomu<\/strong> (Urasenke Austria) das 2. internationale Kagetsu-Seminar in Wien statt.<\/p><p>Es nahmen Teefreunde Ungarn, Slowenien und Spanien teil.<\/p>\t\t\t\t\t\t\t\t<\/div>\n\t\t\t\t<\/div>\n\t\t\t\t<div class=\"elementor-element elementor-element-892c369 elementor-widget elementor-widget-image\" data-id=\"892c369\" data-element_type=\"widget\" data-e-type=\"widget\" data-widget_type=\"image.default\">\n\t\t\t\t<div class=\"elementor-widget-container\">\n\t\t\t\t\t\t\t\t\t\t\t\t\t\t\t<img loading=\"lazy\" decoding=\"async\" width=\"740\" height=\"543\" src=\"http:\/\/urasenke-austria.at\/wp-content\/uploads\/2025\/12\/Kagetsu-Seminar-2025-1024x751.jpg\" class=\"attachment-large size-large wp-image-1853\" alt=\"\" srcset=\"http:\/\/urasenke-austria.at\/wp-content\/uploads\/2025\/12\/Kagetsu-Seminar-2025-1024x751.jpg 1024w, http:\/\/urasenke-austria.at\/wp-content\/uploads\/2025\/12\/Kagetsu-Seminar-2025-300x220.jpg 300w, http:\/\/urasenke-austria.at\/wp-content\/uploads\/2025\/12\/Kagetsu-Seminar-2025-768x563.jpg 768w, http:\/\/urasenke-austria.at\/wp-content\/uploads\/2025\/12\/Kagetsu-Seminar-2025.jpg 1179w\" sizes=\"100vw\" \/>\t\t\t\t\t\t\t\t\t\t\t\t\t\t\t<\/div>\n\t\t\t\t<\/div>\n\t\t\t\t<div class=\"elementor-element elementor-element-2e1364b elementor-widget elementor-widget-spacer\" data-id=\"2e1364b\" data-element_type=\"widget\" data-e-type=\"widget\" data-widget_type=\"spacer.default\">\n\t\t\t\t<div class=\"elementor-widget-container\">\n\t\t\t\t\t\t\t<div class=\"elementor-spacer\">\n\t\t\t<div class=\"elementor-spacer-inner\"><\/div>\n\t\t<\/div>\n\t\t\t\t\t\t<\/div>\n\t\t\t\t<\/div>\n\t\t\t\t\t<\/div>\n\t\t\t\t<\/div>\n\t\t<div class=\"elementor-element elementor-element-1a2e4d7 e-flex e-con-boxed e-con e-parent\" data-id=\"1a2e4d7\" data-element_type=\"container\" data-e-type=\"container\">\n\t\t\t\t\t<div class=\"e-con-inner\">\n\t\t\t\t\t<\/div>\n\t\t\t\t<\/div>\n\t\t\t\t<\/div>\n\t\t","protected":false},"excerpt":{"rendered":"<p>M\u00e4rz (4.): Chad\u014d Vorf\u00fchrung im Kahan Art Space mit \u014chi Toshio Ch\u014dzaemon XI. M\u00e4rz (5.):\u00a0Chad\u014d Vorf\u00fchrung im Augarten Porzellannuseum Feierlichen Abschied der Ausstellung &#8222;Aus Erde und Seele&#8220;\u00a0 von \u014chi Toshio Ch\u014dzaemon XI. April (24.): KIRSCHENHAIN-Fest Wien\/Dounauinsel Chad\u014d Vorf\u00fchrung&nbsp; Wir durften S. E. Herrn Botschafter Iwama Kiminori und seine Frau, Madame Iwama, sowie den Bezirksvorsteher des &hellip; <\/p>\n<p class=\"link-more\"><a href=\"http:\/\/urasenke-austria.at\/?page_id=1448\" class=\"more-link\"><span class=\"screen-reader-text\">\u201e2025\u201c <\/span>weiterlesen<\/a><\/p>\n","protected":false},"author":6,"featured_media":0,"parent":0,"menu_order":0,"comment_status":"closed","ping_status":"closed","template":"","meta":{"footnotes":""},"class_list":["post-1448","page","type-page","status-publish","hentry"],"_links":{"self":[{"href":"http:\/\/urasenke-austria.at\/index.php?rest_route=\/wp\/v2\/pages\/1448","targetHints":{"allow":["GET"]}}],"collection":[{"href":"http:\/\/urasenke-austria.at\/index.php?rest_route=\/wp\/v2\/pages"}],"about":[{"href":"http:\/\/urasenke-austria.at\/index.php?rest_route=\/wp\/v2\/types\/page"}],"author":[{"embeddable":true,"href":"http:\/\/urasenke-austria.at\/index.php?rest_route=\/wp\/v2\/users\/6"}],"replies":[{"embeddable":true,"href":"http:\/\/urasenke-austria.at\/index.php?rest_route=%2Fwp%2Fv2%2Fcomments&post=1448"}],"version-history":[{"count":49,"href":"http:\/\/urasenke-austria.at\/index.php?rest_route=\/wp\/v2\/pages\/1448\/revisions"}],"predecessor-version":[{"id":1859,"href":"http:\/\/urasenke-austria.at\/index.php?rest_route=\/wp\/v2\/pages\/1448\/revisions\/1859"}],"wp:attachment":[{"href":"http:\/\/urasenke-austria.at\/index.php?rest_route=%2Fwp%2Fv2%2Fmedia&parent=1448"}],"curies":[{"name":"wp","href":"https:\/\/api.w.org\/{rel}","templated":true}]}}