{"id":1453,"date":"2025-06-09T17:56:42","date_gmt":"2025-06-09T15:56:42","guid":{"rendered":"http:\/\/urasenke-austria.at\/?page_id=1453"},"modified":"2025-06-09T17:57:50","modified_gmt":"2025-06-09T15:57:50","slug":"2014-3","status":"publish","type":"page","link":"http:\/\/urasenke-austria.at\/?page_id=1453","title":{"rendered":"2014"},"content":{"rendered":"\t\t<div data-elementor-type=\"wp-page\" data-elementor-id=\"1453\" class=\"elementor elementor-1453\">\n\t\t\t\t\t\t<section class=\"elementor-section elementor-top-section elementor-element elementor-element-2eb1c060 elementor-section-boxed elementor-section-height-default elementor-section-height-default\" data-id=\"2eb1c060\" data-element_type=\"section\" data-e-type=\"section\">\n\t\t\t\t\t\t<div class=\"elementor-container elementor-column-gap-default\">\n\t\t\t\t\t<div class=\"elementor-column elementor-col-100 elementor-top-column elementor-element elementor-element-55fdcbae\" data-id=\"55fdcbae\" data-element_type=\"column\" data-e-type=\"column\">\n\t\t\t<div class=\"elementor-widget-wrap elementor-element-populated\">\n\t\t\t\t\t\t<div class=\"elementor-element elementor-element-4b3f32de elementor-widget elementor-widget-text-editor\" data-id=\"4b3f32de\" data-element_type=\"widget\" data-e-type=\"widget\" data-widget_type=\"text-editor.default\">\n\t\t\t\t<div class=\"elementor-widget-container\">\n\t\t\t\t\t\t\t\t\t<p><strong>April<\/strong> (6.) Chanoyu-Vorf\u00fchrung im <strong>Schlo\u00df Kremsegg<\/strong> (O\u00d6)<\/p><p><strong>Mai<\/strong> (31.-1. Juni) Chanoyu-Seminar in Wien mit Kaori <strong>Miyanischi <\/strong>(S\u014dka)<strong> Reitinger <\/strong>Sensei (Z\u00fcrich\/Schweiz)<\/p><p><strong>Juni<\/strong> (12.) Chanoyu-Vorf\u00fchrung im Jap. Inform. u. Kulturzentrum: \u201c<strong>Ichigo-Ichie<\/strong>\u201d<\/p><p><strong>Juni<\/strong> (18.) Chanoyu-Vorf\u00fchrung im <strong>Japanischen Teegarten\/Sch\u00f6nbrunn<\/strong><\/p><p><strong>Oktober<\/strong> (31.-2. Nov.)<strong> VIII.<\/strong> Chanoyu-Seminar in Wien mit <strong>NOJIRI <\/strong>(S\u014dmei)<strong> Michiko <\/strong>Sensei (Rom\/Italien)<\/p>\t\t\t\t\t\t\t\t<\/div>\n\t\t\t\t<\/div>\n\t\t\t\t\t<\/div>\n\t\t<\/div>\n\t\t\t\t\t<\/div>\n\t\t<\/section>\n\t\t\t\t<\/div>\n\t\t","protected":false},"excerpt":{"rendered":"<p>April (6.) Chanoyu-Vorf\u00fchrung im Schlo\u00df Kremsegg (O\u00d6) Mai (31.-1. Juni) Chanoyu-Seminar in Wien mit Kaori Miyanischi (S\u014dka) Reitinger Sensei (Z\u00fcrich\/Schweiz) Juni (12.) Chanoyu-Vorf\u00fchrung im Jap. Inform. u. Kulturzentrum: \u201cIchigo-Ichie\u201d Juni (18.) Chanoyu-Vorf\u00fchrung im Japanischen Teegarten\/Sch\u00f6nbrunn Oktober (31.-2. Nov.) VIII. Chanoyu-Seminar in Wien mit NOJIRI (S\u014dmei) Michiko Sensei (Rom\/Italien)<\/p>\n","protected":false},"author":6,"featured_media":0,"parent":0,"menu_order":0,"comment_status":"closed","ping_status":"closed","template":"","meta":{"footnotes":""},"class_list":["post-1453","page","type-page","status-publish","hentry"],"_links":{"self":[{"href":"http:\/\/urasenke-austria.at\/index.php?rest_route=\/wp\/v2\/pages\/1453","targetHints":{"allow":["GET"]}}],"collection":[{"href":"http:\/\/urasenke-austria.at\/index.php?rest_route=\/wp\/v2\/pages"}],"about":[{"href":"http:\/\/urasenke-austria.at\/index.php?rest_route=\/wp\/v2\/types\/page"}],"author":[{"embeddable":true,"href":"http:\/\/urasenke-austria.at\/index.php?rest_route=\/wp\/v2\/users\/6"}],"replies":[{"embeddable":true,"href":"http:\/\/urasenke-austria.at\/index.php?rest_route=%2Fwp%2Fv2%2Fcomments&post=1453"}],"version-history":[{"count":4,"href":"http:\/\/urasenke-austria.at\/index.php?rest_route=\/wp\/v2\/pages\/1453\/revisions"}],"predecessor-version":[{"id":1554,"href":"http:\/\/urasenke-austria.at\/index.php?rest_route=\/wp\/v2\/pages\/1453\/revisions\/1554"}],"wp:attachment":[{"href":"http:\/\/urasenke-austria.at\/index.php?rest_route=%2Fwp%2Fv2%2Fmedia&parent=1453"}],"curies":[{"name":"wp","href":"https:\/\/api.w.org\/{rel}","templated":true}]}}