{"id":1456,"date":"2025-06-09T17:56:43","date_gmt":"2025-06-09T15:56:43","guid":{"rendered":"http:\/\/urasenke-austria.at\/?page_id=1456"},"modified":"2025-06-09T17:57:51","modified_gmt":"2025-06-09T15:57:51","slug":"2013-3","status":"publish","type":"page","link":"http:\/\/urasenke-austria.at\/?page_id=1456","title":{"rendered":"2013"},"content":{"rendered":"\t\t<div data-elementor-type=\"wp-page\" data-elementor-id=\"1456\" class=\"elementor elementor-1456\">\n\t\t\t\t\t\t<section class=\"elementor-section elementor-top-section elementor-element elementor-element-2e1b4da3 elementor-section-boxed elementor-section-height-default elementor-section-height-default\" data-id=\"2e1b4da3\" data-element_type=\"section\" data-e-type=\"section\">\n\t\t\t\t\t\t<div class=\"elementor-container elementor-column-gap-default\">\n\t\t\t\t\t<div class=\"elementor-column elementor-col-100 elementor-top-column elementor-element elementor-element-91891f4\" data-id=\"91891f4\" data-element_type=\"column\" data-e-type=\"column\">\n\t\t\t<div class=\"elementor-widget-wrap elementor-element-populated\">\n\t\t\t\t\t\t<div class=\"elementor-element elementor-element-46c80d59 elementor-widget elementor-widget-text-editor\" data-id=\"46c80d59\" data-element_type=\"widget\" data-e-type=\"widget\" data-widget_type=\"text-editor.default\">\n\t\t\t\t<div class=\"elementor-widget-container\">\n\t\t\t\t\t\t\t\t\t<p><strong>September<\/strong> (7.) Chanoyu-Vorf\u00fchrung am <strong>Japantag des 16. Wiener Bezirk<\/strong> Ottakring<\/p><p><strong>September<\/strong> (19.) Chanoyu-Vorf\u00fchrung zur <strong>10-Jahresfeier des Wienerberg Ky\u014dd\u014d-D\u014dj\u014ds<\/strong><\/p><p><strong>Oktober<\/strong>(19.) Chanoyu-Vorf\u00fchrung im <strong>Botanischen Garten<\/strong> (Linz): \u201c<strong>Der Geist von Tee und Blumen<\/strong>\u201d<\/p><p><strong>November<\/strong> (1.-3.): Chanoyu-Seminar in Wien mit <strong>NOJIRI<\/strong> (S\u014dmei)<strong> Michiko <\/strong>Sensei (Rom\/Italien)<\/p><p><strong>November<\/strong> (15.) Chanoyu-Vorf\u00fchrung beim \u201c<strong>3rd Int\u2019l Piano Festival by People with Disabilities 2013<\/strong>\u201d (Wien) mit <strong>Keiko<\/strong> (S\u014dkei)<strong> Irie<\/strong> Sensei (Urasenke Japan)<\/p><p><strong>Dezember<\/strong> (12.) Besuch von <strong>Ayako Sakaino <\/strong>Sensei (Urasenke Vancouver, Kanada)<\/p>\t\t\t\t\t\t\t\t<\/div>\n\t\t\t\t<\/div>\n\t\t\t\t\t<\/div>\n\t\t<\/div>\n\t\t\t\t\t<\/div>\n\t\t<\/section>\n\t\t\t\t<\/div>\n\t\t","protected":false},"excerpt":{"rendered":"<p>September (7.) Chanoyu-Vorf\u00fchrung am Japantag des 16. Wiener Bezirk Ottakring September (19.) Chanoyu-Vorf\u00fchrung zur 10-Jahresfeier des Wienerberg Ky\u014dd\u014d-D\u014dj\u014ds Oktober(19.) Chanoyu-Vorf\u00fchrung im Botanischen Garten (Linz): \u201cDer Geist von Tee und Blumen\u201d November (1.-3.): Chanoyu-Seminar in Wien mit NOJIRI (S\u014dmei) Michiko Sensei (Rom\/Italien) November (15.) Chanoyu-Vorf\u00fchrung beim \u201c3rd Int\u2019l Piano Festival by People with Disabilities 2013\u201d (Wien) &hellip; <\/p>\n<p class=\"link-more\"><a href=\"http:\/\/urasenke-austria.at\/?page_id=1456\" class=\"more-link\"><span class=\"screen-reader-text\">\u201e2013\u201c <\/span>weiterlesen<\/a><\/p>\n","protected":false},"author":6,"featured_media":0,"parent":0,"menu_order":0,"comment_status":"closed","ping_status":"closed","template":"","meta":{"footnotes":""},"class_list":["post-1456","page","type-page","status-publish","hentry"],"_links":{"self":[{"href":"http:\/\/urasenke-austria.at\/index.php?rest_route=\/wp\/v2\/pages\/1456","targetHints":{"allow":["GET"]}}],"collection":[{"href":"http:\/\/urasenke-austria.at\/index.php?rest_route=\/wp\/v2\/pages"}],"about":[{"href":"http:\/\/urasenke-austria.at\/index.php?rest_route=\/wp\/v2\/types\/page"}],"author":[{"embeddable":true,"href":"http:\/\/urasenke-austria.at\/index.php?rest_route=\/wp\/v2\/users\/6"}],"replies":[{"embeddable":true,"href":"http:\/\/urasenke-austria.at\/index.php?rest_route=%2Fwp%2Fv2%2Fcomments&post=1456"}],"version-history":[{"count":4,"href":"http:\/\/urasenke-austria.at\/index.php?rest_route=\/wp\/v2\/pages\/1456\/revisions"}],"predecessor-version":[{"id":1556,"href":"http:\/\/urasenke-austria.at\/index.php?rest_route=\/wp\/v2\/pages\/1456\/revisions\/1556"}],"wp:attachment":[{"href":"http:\/\/urasenke-austria.at\/index.php?rest_route=%2Fwp%2Fv2%2Fmedia&parent=1456"}],"curies":[{"name":"wp","href":"https:\/\/api.w.org\/{rel}","templated":true}]}}