{"id":1475,"date":"2025-06-09T17:56:51","date_gmt":"2025-06-09T15:56:51","guid":{"rendered":"http:\/\/urasenke-austria.at\/?page_id=1475"},"modified":"2025-06-09T17:57:56","modified_gmt":"2025-06-09T15:57:56","slug":"2018-3","status":"publish","type":"page","link":"http:\/\/urasenke-austria.at\/?page_id=1475","title":{"rendered":"2018"},"content":{"rendered":"\t\t<div data-elementor-type=\"wp-page\" data-elementor-id=\"1475\" class=\"elementor elementor-1475\">\n\t\t\t\t\t\t<section class=\"elementor-section elementor-top-section elementor-element elementor-element-6d09d99b elementor-section-boxed elementor-section-height-default elementor-section-height-default\" data-id=\"6d09d99b\" data-element_type=\"section\" data-e-type=\"section\">\n\t\t\t\t\t\t<div class=\"elementor-container elementor-column-gap-default\">\n\t\t\t\t\t<div class=\"elementor-column elementor-col-100 elementor-top-column elementor-element elementor-element-59abb1a5\" data-id=\"59abb1a5\" data-element_type=\"column\" data-e-type=\"column\">\n\t\t\t<div class=\"elementor-widget-wrap elementor-element-populated\">\n\t\t\t\t\t\t<div class=\"elementor-element elementor-element-7f095e31 elementor-widget elementor-widget-text-editor\" data-id=\"7f095e31\" data-element_type=\"widget\" data-e-type=\"widget\" data-widget_type=\"text-editor.default\">\n\t\t\t\t<div class=\"elementor-widget-container\">\n\t\t\t\t\t\t\t\t\t<p><strong>Jubil\u00e4um: 10 Jahre Chad\u014d Urasenke Tank\u014dkai Austria Association<\/strong><\/p><p><strong>J\u00e4nner<\/strong> (11.-14.) Chanoyu-Vorf\u00fchrungen auf der <strong>Ferienmesse-Wien 2018<\/strong><\/p><p><strong>M\u00e4rz<\/strong> (10.-11.)\u00a0 <strong>XI.\u00a0<\/strong>Int. Chanoyu-<strong>Seminar<\/strong> in Wien mit <strong>NOJIRI <\/strong>(S\u014dmei)<strong> Michiko\u00a0<\/strong>Sensei (Rom\/Italien)<\/p><p><strong>M\u00e4rz<\/strong> (20.)\u00a0 Chanoyu-Vorf\u00fchrungen f\u00fcr <strong>Schulklasse 1<\/strong> im japanischen Informations- u. Kulturzentrum (Wien)<\/p><p><strong>M\u00e4rz<\/strong> (21.) Chanoyu-Vorf\u00fchrungen f\u00fcr <strong>Schulklasse 2<\/strong> im japanischen Informations- u. Kulturzentrum (Wien)<\/p><p><strong>Mai<\/strong> (19.)\u00a0 Chanoyu-Vorf\u00fchrung beim <strong>\u201eTetsumachi-Matsuri\u201e<\/strong> \u2013 Japanfest in Eisenstadt (Burgenland)<\/p><p><strong>Juli<\/strong> (7.) Chanoyu-Vorf\u00fchrung: <strong>Japanese Day<\/strong> in Bratislava\/Slovakia<\/p><p><strong>Sept.<\/strong> (1.) Chanoyu-Vorf\u00fchrung beim <strong>\u201eNatsumatsuri\u201c <\/strong>(Sommerfest) an der japanischen Schule in Wien 22<\/p><p><strong>Okt.<\/strong> (5.)\u00a0 Chanoyu-Vorf\u00fchrung\u00a0<strong>\u201eThe Way Of Heaven&#8220;<\/strong> im japanischen Informations- u. Kulturzentrum (Wien)<\/p><p><strong>Okt.<\/strong> (6.) Chanoyu-Vorf\u00fchrung bei der <strong>ORF-Lange Nacht der Museen<\/strong>\u00a0 im Kunstforum-Wien <strong>\u201eFaszination Japan. Monet \u2013 van Gogh \u2013 Klimt\u201c<br \/><\/strong><\/p><p><strong>Nov. <\/strong>(3.) Chanoyu-Vorf\u00fchrung Kunstforum-Wien <strong>\u201eBunkanohi \u2013 Tag der Kultur\u201c<\/strong><\/p>\t\t\t\t\t\t\t\t<\/div>\n\t\t\t\t<\/div>\n\t\t\t\t\t<\/div>\n\t\t<\/div>\n\t\t\t\t\t<\/div>\n\t\t<\/section>\n\t\t\t\t<\/div>\n\t\t","protected":false},"excerpt":{"rendered":"<p>Jubil\u00e4um: 10 Jahre Chad\u014d Urasenke Tank\u014dkai Austria Association J\u00e4nner (11.-14.) Chanoyu-Vorf\u00fchrungen auf der Ferienmesse-Wien 2018 M\u00e4rz (10.-11.)\u00a0 XI.\u00a0Int. Chanoyu-Seminar in Wien mit NOJIRI (S\u014dmei) Michiko\u00a0Sensei (Rom\/Italien) M\u00e4rz (20.)\u00a0 Chanoyu-Vorf\u00fchrungen f\u00fcr Schulklasse 1 im japanischen Informations- u. Kulturzentrum (Wien) M\u00e4rz (21.) Chanoyu-Vorf\u00fchrungen f\u00fcr Schulklasse 2 im japanischen Informations- u. Kulturzentrum (Wien) Mai (19.)\u00a0 Chanoyu-Vorf\u00fchrung beim \u201eTetsumachi-Matsuri\u201e &hellip; <\/p>\n<p class=\"link-more\"><a href=\"http:\/\/urasenke-austria.at\/?page_id=1475\" class=\"more-link\"><span class=\"screen-reader-text\">\u201e2018\u201c <\/span>weiterlesen<\/a><\/p>\n","protected":false},"author":6,"featured_media":0,"parent":0,"menu_order":0,"comment_status":"closed","ping_status":"closed","template":"","meta":{"footnotes":""},"class_list":["post-1475","page","type-page","status-publish","hentry"],"_links":{"self":[{"href":"http:\/\/urasenke-austria.at\/index.php?rest_route=\/wp\/v2\/pages\/1475","targetHints":{"allow":["GET"]}}],"collection":[{"href":"http:\/\/urasenke-austria.at\/index.php?rest_route=\/wp\/v2\/pages"}],"about":[{"href":"http:\/\/urasenke-austria.at\/index.php?rest_route=\/wp\/v2\/types\/page"}],"author":[{"embeddable":true,"href":"http:\/\/urasenke-austria.at\/index.php?rest_route=\/wp\/v2\/users\/6"}],"replies":[{"embeddable":true,"href":"http:\/\/urasenke-austria.at\/index.php?rest_route=%2Fwp%2Fv2%2Fcomments&post=1475"}],"version-history":[{"count":4,"href":"http:\/\/urasenke-austria.at\/index.php?rest_route=\/wp\/v2\/pages\/1475\/revisions"}],"predecessor-version":[{"id":1568,"href":"http:\/\/urasenke-austria.at\/index.php?rest_route=\/wp\/v2\/pages\/1475\/revisions\/1568"}],"wp:attachment":[{"href":"http:\/\/urasenke-austria.at\/index.php?rest_route=%2Fwp%2Fv2%2Fmedia&parent=1475"}],"curies":[{"name":"wp","href":"https:\/\/api.w.org\/{rel}","templated":true}]}}