{"id":1484,"date":"2025-06-09T17:56:54","date_gmt":"2025-06-09T15:56:54","guid":{"rendered":"http:\/\/urasenke-austria.at\/?page_id=1484"},"modified":"2025-06-09T17:57:59","modified_gmt":"2025-06-09T15:57:59","slug":"2017-3","status":"publish","type":"page","link":"http:\/\/urasenke-austria.at\/?page_id=1484","title":{"rendered":"2017"},"content":{"rendered":"\t\t<div data-elementor-type=\"wp-page\" data-elementor-id=\"1484\" class=\"elementor elementor-1484\">\n\t\t\t\t\t\t<section class=\"elementor-section elementor-top-section elementor-element elementor-element-425c4cf5 elementor-section-boxed elementor-section-height-default elementor-section-height-default\" data-id=\"425c4cf5\" data-element_type=\"section\" data-e-type=\"section\">\n\t\t\t\t\t\t<div class=\"elementor-container elementor-column-gap-default\">\n\t\t\t\t\t<div class=\"elementor-column elementor-col-100 elementor-top-column elementor-element elementor-element-6de619c8\" data-id=\"6de619c8\" data-element_type=\"column\" data-e-type=\"column\">\n\t\t\t<div class=\"elementor-widget-wrap elementor-element-populated\">\n\t\t\t\t\t\t<div class=\"elementor-element elementor-element-487a4cd5 elementor-widget elementor-widget-text-editor\" data-id=\"487a4cd5\" data-element_type=\"widget\" data-e-type=\"widget\" data-widget_type=\"text-editor.default\">\n\t\t\t\t<div class=\"elementor-widget-container\">\n\t\t\t\t\t\t\t\t\t<p><strong>Verleihung der Ehrenmitgliedschaft an S.E. Botschafter Kiyoshi KOINUMA\u00a0<\/strong><\/p><p><strong>J\u00e4nner<\/strong> (14.-15.) Chanoyu-Vorf\u00fchrung auf der <strong>Ferienmesse Wien<\/strong><\/p><p><strong>M\u00e4rz<\/strong> (11.-12.)\u00a0<strong>X.<\/strong> Int. Chanoyu-<strong>Seminar<\/strong> in Wien mit <strong>NOJIRI <\/strong>(S\u014dmei)<strong> Michiko\u00a0<\/strong>Sensei (Rom\/Italien)<\/p><p><strong>April<\/strong> (15.) <strong>Tetsumachi Matsuri<\/strong> \u2013 Japanfestival in Eisenstadt (Burgenland)<\/p><p><strong>Juni<\/strong> (1.) Chanoyu-Vorf\u00fchrung am \u201c<strong>Fest f\u00fcr Kunst und Kultur \u2013 ZEIT<\/strong>\u201d, 1050 Wien, Amtshaus<\/p><p><strong>Juli<\/strong> (2.) Chanoyu-Vorf\u00fchrung beim \u201e<strong>Japan Summer Festival<\/strong>\u201c in Bratislava (Old City Hall)\/Slovakia<\/p><p><strong>Oktober<\/strong> (6.) Chanoyu-Vorf\u00fchrung im Jap. Inform. u. Kulturzentrum: \u201c<strong>Yume<\/strong>\u201d<\/p><p><strong>November<\/strong> (17.-18.) Chanoyu-Vorf\u00fchrung bei der Austellung \u201e<strong>Pop Up Shop Of \u2013 Design x Handicraft from Kyoto, Japan&#8220;<\/strong>, 1070 Wien<\/p>\t\t\t\t\t\t\t\t<\/div>\n\t\t\t\t<\/div>\n\t\t\t\t\t<\/div>\n\t\t<\/div>\n\t\t\t\t\t<\/div>\n\t\t<\/section>\n\t\t\t\t<\/div>\n\t\t","protected":false},"excerpt":{"rendered":"<p>Verleihung der Ehrenmitgliedschaft an S.E. Botschafter Kiyoshi KOINUMA\u00a0 J\u00e4nner (14.-15.) Chanoyu-Vorf\u00fchrung auf der Ferienmesse Wien M\u00e4rz (11.-12.)\u00a0X. Int. Chanoyu-Seminar in Wien mit NOJIRI (S\u014dmei) Michiko\u00a0Sensei (Rom\/Italien) April (15.) Tetsumachi Matsuri \u2013 Japanfestival in Eisenstadt (Burgenland) Juni (1.) Chanoyu-Vorf\u00fchrung am \u201cFest f\u00fcr Kunst und Kultur \u2013 ZEIT\u201d, 1050 Wien, Amtshaus Juli (2.) Chanoyu-Vorf\u00fchrung beim \u201eJapan Summer &hellip; <\/p>\n<p class=\"link-more\"><a href=\"http:\/\/urasenke-austria.at\/?page_id=1484\" class=\"more-link\"><span class=\"screen-reader-text\">\u201e2017\u201c <\/span>weiterlesen<\/a><\/p>\n","protected":false},"author":6,"featured_media":0,"parent":0,"menu_order":0,"comment_status":"closed","ping_status":"closed","template":"","meta":{"footnotes":""},"class_list":["post-1484","page","type-page","status-publish","hentry"],"_links":{"self":[{"href":"http:\/\/urasenke-austria.at\/index.php?rest_route=\/wp\/v2\/pages\/1484","targetHints":{"allow":["GET"]}}],"collection":[{"href":"http:\/\/urasenke-austria.at\/index.php?rest_route=\/wp\/v2\/pages"}],"about":[{"href":"http:\/\/urasenke-austria.at\/index.php?rest_route=\/wp\/v2\/types\/page"}],"author":[{"embeddable":true,"href":"http:\/\/urasenke-austria.at\/index.php?rest_route=\/wp\/v2\/users\/6"}],"replies":[{"embeddable":true,"href":"http:\/\/urasenke-austria.at\/index.php?rest_route=%2Fwp%2Fv2%2Fcomments&post=1484"}],"version-history":[{"count":4,"href":"http:\/\/urasenke-austria.at\/index.php?rest_route=\/wp\/v2\/pages\/1484\/revisions"}],"predecessor-version":[{"id":1574,"href":"http:\/\/urasenke-austria.at\/index.php?rest_route=\/wp\/v2\/pages\/1484\/revisions\/1574"}],"wp:attachment":[{"href":"http:\/\/urasenke-austria.at\/index.php?rest_route=%2Fwp%2Fv2%2Fmedia&parent=1484"}],"curies":[{"name":"wp","href":"https:\/\/api.w.org\/{rel}","templated":true}]}}