{"id":1506,"date":"2025-06-09T17:57:08","date_gmt":"2025-06-09T15:57:08","guid":{"rendered":"http:\/\/urasenke-austria.at\/?page_id=1506"},"modified":"2025-06-09T17:58:06","modified_gmt":"2025-06-09T15:58:06","slug":"2023-3","status":"publish","type":"page","link":"http:\/\/urasenke-austria.at\/?page_id=1506","title":{"rendered":"2023"},"content":{"rendered":"\t\t<div data-elementor-type=\"wp-page\" data-elementor-id=\"1506\" class=\"elementor elementor-1506\">\n\t\t\t\t\t\t<section class=\"elementor-section elementor-top-section elementor-element elementor-element-58fda14e elementor-section-boxed elementor-section-height-default elementor-section-height-default\" data-id=\"58fda14e\" data-element_type=\"section\" data-e-type=\"section\">\n\t\t\t\t\t\t<div class=\"elementor-container elementor-column-gap-default\">\n\t\t\t\t\t<div class=\"elementor-column elementor-col-100 elementor-top-column elementor-element elementor-element-7c6c5732\" data-id=\"7c6c5732\" data-element_type=\"column\" data-e-type=\"column\">\n\t\t\t<div class=\"elementor-widget-wrap elementor-element-populated\">\n\t\t\t\t\t\t<div class=\"elementor-element elementor-element-41896583 elementor-widget elementor-widget-text-editor\" data-id=\"41896583\" data-element_type=\"widget\" data-e-type=\"widget\" data-widget_type=\"text-editor.default\">\n\t\t\t\t<div class=\"elementor-widget-container\">\n\t\t\t\t\t\t\t\t\t<p><strong>M\u00e4rz<\/strong> (25. \u2013 26.):\u00a0<strong> XIII. <\/strong>Int. Chanoyu-<strong>Seminar<\/strong> in Wien mit <strong>NOJIRI <\/strong>(S\u014dmei)<strong> Michiko\u00a0<\/strong>Sensei (Rom, Italien) <strong><br \/><\/strong><\/p><p><strong>April<\/strong> (16.): <strong>Chad\u014d &amp; Bud\u014d-Vorf\u00fchrung<\/strong> im <strong>Setagaya Park<\/strong>, Hohe Warte 8, 1190 Wien<strong><br \/><\/strong><\/p><p><strong>April<\/strong> (19.): <strong>KIRSCHENHAIN-Fest \/ \u685c\u306e\u68ee\u796d<\/strong>\u00a0 Wien, Donauinsel (wegen Schlechtwetter abgesagt)<\/p><p><strong>Juli<\/strong> (7): <strong>Auszeichnungsverleihung<\/strong> an unseren Ehrenpr\u00e4sidenten <strong>Norbert BREITENAUER<\/strong> durch S.E. Botschafter <strong>Ry\u016bta MIZUUCHI<\/strong>.<\/p><p><strong>August<\/strong> (26.):\u00a0 <strong>Natsumatsuri <\/strong>(=Sommerfest) an der Japanischen Schule Wien<\/p><p><strong>September<\/strong> (5.): <strong>Chad\u014d-Vorf\u00fchrung<\/strong> w\u00e4hrend des <strong>\u201eScience-Dialogue 2023&#8243;<\/strong> im \u201eHaus Der Industrie\u201c, Schwarzenbergplatz\/Wien.<\/p><p><strong>September<\/strong> (24.): <strong>Chad\u014d-Vorf\u00fchrung<\/strong> im <strong>Setagaya Park<\/strong>, Hohe Warte 8, 1190 Wien<\/p><p><strong>Oktober<\/strong> (20.): <strong>Chad\u014d-Vorf\u00fchrung \u201e\u00d6sterreich trifft Japan \u2013 150 Jahre Wiener Weltaustellung von 1873\u201c <\/strong>im\u00a0<strong> Kultur- und Informationszentrum der Japanischen Botschaft in \u00d6sterreich, <\/strong>Schottenring 8, Wien<\/p><p><strong>Oktober <\/strong>(20.):\u00a0<strong><a href=\"http:\/\/urasenke-austria.at\/?page_id=1347\">Ernennung<\/a>\u00a0 <\/strong>des S.E. Herrn Botschafter <strong>MIZUUCHI Ry\u016bta <\/strong>durch O-Iemoto<strong> Zab\u014dsai SEN Soshitsu <\/strong>zum <strong>Honorary Adviser <\/strong>(Urkunde) der <strong>Urasenke Tank\u014dkai Austria.<\/strong><\/p><p><strong>November<\/strong> (18): <strong>Chad\u014d-Vorf\u00fchrung<\/strong> bei \u201e<strong>keramik_art Christa Zeitlhofer&#8220;<\/strong>, Beckmanngass 6\/24, 1140 Wien<\/p>\t\t\t\t\t\t\t\t<\/div>\n\t\t\t\t<\/div>\n\t\t\t\t\t<\/div>\n\t\t<\/div>\n\t\t\t\t\t<\/div>\n\t\t<\/section>\n\t\t\t\t<\/div>\n\t\t","protected":false},"excerpt":{"rendered":"<p>M\u00e4rz (25. \u2013 26.):\u00a0 XIII. Int. Chanoyu-Seminar in Wien mit NOJIRI (S\u014dmei) Michiko\u00a0Sensei (Rom, Italien) April (16.): Chad\u014d &amp; Bud\u014d-Vorf\u00fchrung im Setagaya Park, Hohe Warte 8, 1190 Wien April (19.): KIRSCHENHAIN-Fest \/ \u685c\u306e\u68ee\u796d\u00a0 Wien, Donauinsel (wegen Schlechtwetter abgesagt) Juli (7): Auszeichnungsverleihung an unseren Ehrenpr\u00e4sidenten Norbert BREITENAUER durch S.E. Botschafter Ry\u016bta MIZUUCHI. August (26.):\u00a0 Natsumatsuri (=Sommerfest) &hellip; <\/p>\n<p class=\"link-more\"><a href=\"http:\/\/urasenke-austria.at\/?page_id=1506\" class=\"more-link\"><span class=\"screen-reader-text\">\u201e2023\u201c <\/span>weiterlesen<\/a><\/p>\n","protected":false},"author":6,"featured_media":0,"parent":0,"menu_order":0,"comment_status":"closed","ping_status":"closed","template":"","meta":{"footnotes":""},"class_list":["post-1506","page","type-page","status-publish","hentry"],"_links":{"self":[{"href":"http:\/\/urasenke-austria.at\/index.php?rest_route=\/wp\/v2\/pages\/1506","targetHints":{"allow":["GET"]}}],"collection":[{"href":"http:\/\/urasenke-austria.at\/index.php?rest_route=\/wp\/v2\/pages"}],"about":[{"href":"http:\/\/urasenke-austria.at\/index.php?rest_route=\/wp\/v2\/types\/page"}],"author":[{"embeddable":true,"href":"http:\/\/urasenke-austria.at\/index.php?rest_route=\/wp\/v2\/users\/6"}],"replies":[{"embeddable":true,"href":"http:\/\/urasenke-austria.at\/index.php?rest_route=%2Fwp%2Fv2%2Fcomments&post=1506"}],"version-history":[{"count":4,"href":"http:\/\/urasenke-austria.at\/index.php?rest_route=\/wp\/v2\/pages\/1506\/revisions"}],"predecessor-version":[{"id":1588,"href":"http:\/\/urasenke-austria.at\/index.php?rest_route=\/wp\/v2\/pages\/1506\/revisions\/1588"}],"wp:attachment":[{"href":"http:\/\/urasenke-austria.at\/index.php?rest_route=%2Fwp%2Fv2%2Fmedia&parent=1506"}],"curies":[{"name":"wp","href":"https:\/\/api.w.org\/{rel}","templated":true}]}}